{"id":29,"date":"2013-09-18T10:43:53","date_gmt":"2013-09-18T08:43:53","guid":{"rendered":"http:\/\/www.instytut.diecezja.rzeszow.pl\/?page_id=29"},"modified":"2024-02-27T09:48:43","modified_gmt":"2024-02-27T08:48:43","slug":"historia","status":"publish","type":"page","link":"https:\/\/www.instytut.rzeszow.pl\/?page_id=29","title":{"rendered":"Historia Instytutu"},"content":{"rendered":"<hr \/>\n<h3 style=\"text-align: justify;\">1. POWSTANIE INSTYTUTU TEOLOGICZNO &#8211; PASTORALNEGO<br \/>\nim. \u015bw. J\u00f3zefa Sebastiana Pelczara<\/h3>\n<p style=\"text-align: justify;\" align=\"justify\">W trosce o w\u0142a\u015bciwe g\u0142oszenie prawdy wiary objawionej, Biskup Rzeszowski Kazimierz G\u00f3rny Dekretem z dnia 1.IX.1992 r. powo\u0142a\u0142 Instytut Teologiczno &#8211; Pastoralny im. B\u0142. J\u00f3zefa Sebastiana Pelczara w Rzeszowie. W jego sk\u0142ad wesz\u0142y w\u00f3wczas: Wy\u017csze Seminarium Duchowne, Diecezjalne Studium Katechetyczne, Diecezjalne Studium Organistowskie oraz Diecezjalne Studium Rodzinne. Instytut Teologiczno &#8211; Pastoralny prowadzi dzia\u0142alno\u015b\u0107 formacyjn\u0105 oraz dydaktyczno &#8211; naukow\u0105 os\u00f3b duchownych i \u015bwieckich. Najwa\u017cniejszym zadaniem Instytutu jest przygotowanie s\u0142uchaczy do realizacji szeroko poj\u0119tej misji Ko\u015bcio\u0142a: ewangelizacyjnej, charytatywnej i naukowej.<\/p>\n<h3 style=\"text-align: justify;\" align=\"justify\">2. SIEDZIBY INSTYTUTU<\/h3>\n<p style=\"text-align: justify;\" align=\"justify\">Pocz\u0105tkowo Instytut korzysta\u0142 z wynajmowanych lokali m.in. w Kurii Diecezjalnej, w Domu Katechetycznym, przy par. Fara, par. \u015bw. Krzy\u017ca i par. Chrystusa Kr\u00f3la w Rzeszowie, w Domu Rekolekcyjnym w Niechobrzu, oraz w II i V LO w Rzeszowie.<\/p>\n<p style=\"text-align: justify;\" align=\"justify\">Od 31.VIII.2000 r. Instytut mia\u0142 swoj\u0105 siedzib\u0119 w obiekcie, zlokalizowanym przy ul. 17 Pu\u0142ku Piechoty 5, zwanym Instytutem Jana Paw\u0142a II. <span style=\"color: #423625;\">Instytut Jana Paw\u0142a II to budynek-pomnik. Jest diecezjalnym wotum wdzi\u0119czno\u015bci z okazji Wielkiego Jubileuszu Chrze\u015bcija\u0144stwa dla upami\u0119tnienia pontyfikatu papie\u017ca Jana Paw\u0142a II i jego pobytu w Rzeszowie. Instytut Jana Paw\u0142a II zosta\u0142 wzniesiony w latach 1996-2000 na bazie obiektu przekazanego przez w\u0142adze miejskie. Projekt adaptacji wykonali Dionizy Beda i Krystyna Drozd. Nad ca\u0142o\u015bci\u0105 przedsi\u0119wzi\u0119cia czuwa\u0142 Komitet Budowy Pomnika Ojca \u015awi\u0119tego Jana Paw\u0142a II w Rzeszowie, za\u0142o\u017cony 30.V.1996 r., kt\u00f3remu przewodniczy\u0142 pose\u0142 J\u00f3zef G\u00f3rny. 10.V.1999 r. dokonano wmurowania kamienia w\u0119gielnego pod Instytut Jana Paw\u0142a II. Kamie\u0144 w\u0119gielny pochodzi z bazyliki w Wadowicach, gdzie zosta\u0142 ochrzczony Ojciec \u015awi\u0119ty. <\/span>Uroczysto\u015bci otwarcia i po\u015bwi\u0119cenia Instytutu Jana Paw\u0142a II dokona\u0142 31.VII.2000 r. abp Edward Nowak, sekretarz watyka\u0144skiej Kongregacji ds. Kanonizacyjnych.<\/p>\n<h3 style=\"text-align: justify;\">3. NOWA SIEDZIBA INSTYTUTU<\/h3>\n<p style=\"text-align: justify;\">Nowa siedziba Instytutu Teologiczno-Pastoralnego im. \u015bw. J\u00f3zefa Sebastiana Pelczara w Rzeszowie \u00a0znajduje si\u0119\u00a0 przy ulicy Witolda 11a. Powsta\u0142a dzi\u0119ki realizacji projektu unijnego\u00a0 &#8222;Budowa Instytutu Teologiczno-Pastoralnego im. \u015bw. J\u00f3zefa Sebastiana Pelczara w Rzeszowie&#8221;\u00a0zrealizowanego w ramach projekt\u00f3w kluczowych Wojew\u00f3dztwa Podkarpackiego (O\u015b priorytetowa nr 5 \u2013 Infrastruktura publiczna \/ Dzia\u0142anie nr 5.1 \u2013 Infrastruktura edukacyjna \/ Schemat A \u2013 szko\u0142y wy\u017csze).\u00a0Generalnym Wykonawc\u0105 by\u0142a firma\u00a0Skanska SA, za\u015b Projektantem koordynatorem Studio Architektury Archi Group Chrobak Marek.<\/p>\n<p style=\"text-align: justify;\">Dnia 18 lutego 2010 zosta\u0142a podpisana umowa mi\u0119dzy Instytutem Teologiczno-Pastoralnym im. \u015bw. J\u00f3zefa Sebastiana w Rzeszowie a firm\u0105 Skanska SA w sprawie realizacji projektu \u201eBudowa Instytutu Teologiczno-Pastoralnego im. \u015bw. J\u00f3zefa Sebastiana Pelczara w Rzeszowie\u201d. Od dnia podpisania umowy harmonogram realizacji inwestycji\u00a0 w okresie najbli\u017cszych 7 miesi\u0119cy przewidywa\u0142 wykonanie projektu koncepcyjnego, projektu budowlanego, uzyskanie pozwolenia na budow\u0119, a nast\u0119pnie w ci\u0105gu kolejnych 20 miesi\u0119cy &#8211; projektu wykonawczego, rob\u00f3t budowlanych i pozwolenia na u\u017cytkowanie. 12 pa\u017adziernika 2010 roku po uprawomocnieniu si\u0119 decyzji pozwolenia na budow\u0119 ks. bp Kazimierz G\u00f3rny, Ordynariusz Diecezji Rzeszowskiej dokona\u0142 po\u015bwiecenia placu budowy i odby\u0142o si\u0119 przekazanie terenu i dziennika budowy.<\/p>\n<p style=\"text-align: justify;\">27 wrze\u015bnia 2012 roku uzyskano pozwolenie na u\u017cytkowanie obiektu. Od 2 pa\u017adziernika 2012 roku zaj\u0119cia dydaktyczne w Instytucie rozpocz\u0119li studenci kierunku Nauki o Rodzinie UR, s\u0142uchacze Diecezjalnego Studium Organistowskiego, Duszpasterstwa Rodzin, doktoranci prof. UKSW w zakresie socjologii, politologii i historii. Z okazji Nowego Roku Akademickiego 2012\/13 oraz na rozpocz\u0119cie Roku Wiary w ko\u015bciele 11 pa\u017adziernika 2012 roku ks. Biskup Ordynariusz Kazimierz G\u00f3rny dokona\u0142 po\u015bwi\u0119cenia Instytutu Teologiczno- Pastoralnego. Od 2 stycznia 2013, po doko\u0144czeniu wyposa\u017cenia budynku, w akademiku Instytutu zamieszkali i rozpocz\u0119li zaj\u0119cia naukowo formacyjne studenci teologii \u2013 WSD w Rzeszowie.<\/p>\n<h3 style=\"text-align: justify;\">\u00a04. PUBLIKACJE<\/h3>\n<p style=\"text-align: justify;\">Dorobkiem Instytutu Teologiczno &#8211; Pastoralnego jest kilka publikacji naukowych. Wydano:<\/p>\n<ul style=\"text-align: justify;\">\n<li>&#8222;My\u015bl pedagogiczna Ksi\u0119dza Bronis\u0142awa Markiewicza&#8221; pod red. J. Homplewicza i ks. A. Garbarza (1997),<\/li>\n<li>&#8222;S\u0142u\u017cba dziecku w instytucjach \u015bwieckich i ko\u015bcielnych&#8221; pod red. J. Homplewicza i ks. A. Garbarza (1998),<\/li>\n<li>&#8222;Sukces wychowawczy w relacjach uczestnik\u00f3w Podyplomowego Studium Wychowania Prorodzinnego&#8221; pod red. J. Homplewicza (1999),<\/li>\n<li>&#8222;Horyzonty ojcostwa&#8221; pod red. ks. A. Garbarza (2000),<\/li>\n<li>&#8222;Pedagogika rodziny. Zarys wyk\u0142ad\u00f3w na Podyplomowym Studium Prorodzinnym&#8221; pod red. J. Homplewicza (2000),<\/li>\n<li>&#8222;Dar wychowania. Pedagogika Jana Paw\u0142a II&#8221; pod red. J. Homplewicza (2001),<\/li>\n<li>&#8222;Nauczanie spo\u0142eczne Kardyna\u0142a Stefana Wyszy\u0144skiego. Materia\u0142y z sesji naukowej odbytej w Rzeszowie dnia 28.04.2001&#8221; (2001),<\/li>\n<li>&#8222;Modlitewnik harcerza&#8221; pod red. J. Homplewicza (2002).<\/li>\n<li>&#8222;Pedagogika \u015awi\u0119tego Micha\u0142a (Rozwa\u017cania o \u015bw. Michale Archaniele)&#8221; pod red. J. Homplewicza, wyd. I (2002), wyd. II (2003),<\/li>\n<li>&#8222;Atomy tkanki wychowania: klas\u00f3wka dla pedagogiki&#8221; J. Homplewicz (2004)<\/li>\n<li>&#8222;Jakie pa\u0144stwo? Materia\u0142y z sesji naukowej, kt\u00f3ra odby\u0142a si\u0119 10 czerwca 2005 r. w Rzeszowie&#8221;, pod red. A. Cyprysia, A. Garbarza, B. Szluz (2005)<\/li>\n<li>&#8222;Bia\u0142y Promieniu Mi\u0142o\u015bci. Wiersze i pie\u015bni o Janie Pawle II. Wiersze Reginy Nachacz, pod red. ks. A. Cyprysia (2006)<\/li>\n<li>&#8222;Ecclesiae Patriae Et Homini Serviens. Ksi\u0119ga pami\u0105tkowa dedykowana Ksi\u0119dzu Biskupowi Kazimierzowi G\u00f3rnemu&#8221;, pod red. E. Bia\u0142og\u0142owskiego, A. Garbarza, H. Janickiej, M. Trawki, S. Zycha, t. I, t. II, (2007)<\/li>\n<li>&#8222;Pedagogika i etyka (zarys etyki pedagogicznej). Wyd. II poszerzone &#8222;Etyki pedagogicznej&#8221;, J. Homplewicz (2009).<\/li>\n<\/ul>\n<h3 style=\"text-align: justify;\">5. SYMPOZJA NAUKOWE i SZKOLENIA<\/h3>\n<ul style=\"text-align: justify;\">\n<li>Perspektywy nowej Ewangelizacji. To\u017csamo\u015b\u0107, zaanga\u017cowanie i wsp\u00f3\u0142praca ko\u015bcio\u0142\u00f3w lokalnych, 04.11.2000 r.<\/li>\n<li>Nauczanie spo\u0142eczne Kardyna\u0142a Stefana Wyszy\u0144skiego &#8211; Sesja naukowa zorganizowana we wsp\u00f3\u0142pracy z Wydzia\u0142em Nauk Historycznych i Spo\u0142ecznych Uniwersytetu Kardyna\u0142a Stefana Wyszy\u0144skiego w Warszawie, 28.04.2001 r.<\/li>\n<li>Pos\u0142ugi w liturgii &#8211; Sympozjum liturgiczne zorganizowane we wsp\u00f3\u0142pracy z Instytutem Formacji Pastoralno &#8211; Liturgicznej Katolickiego Uniwersytetu Lubelskiego,<br \/>\n10.06.2002 r.<\/li>\n<li>&#8222;Jakie pa\u0144stwo?&#8221; &#8211; Sesja naukowa zorganizowana we wsp\u00f3\u0142pracy z Wydzia\u0142em Nauk Historycznych i Spo\u0142ecznych Uniwersytetu Kardyna\u0142a Stefana Wyszy\u0144skiego<br \/>\nw Warszawie, 10.06.2005 r.<\/li>\n<li>Jan Pawe\u0142 II zatroskany o cz\u0142owieka i \u015bwiat &#8211; Konferencja zorganizowana we wsp\u00f3\u0142pracy z Katolickim Stowarzyszeniem Civitas Christiana Oddzia\u0142 Podkarpacki, 07.04.2006 r.<\/li>\n<li>Rozw\u00f3j intelektualny czynnikiem rozwoju regionu &#8211; Sympozjum naukowe zorganizowane we wsp\u00f3\u0142pracy z Wydzia\u0142em Nauk Historycznych i Spo\u0142ecznych Uniwersytetu Kardyna\u0142a Stefana Wyszy\u0144skiego w Warszawie, 26.05.2007 r.<\/li>\n<li>Traktat Lizbo\u0144ski oraz Karta Praw Podstawowych &#8211; Sympozjum naukowe zorganizowane we wsp\u00f3\u0142pracy z Wydzia\u0142em Nauk Historycznych i Spo\u0142ecznych Uniwersytetu Kardyna\u0142a Stefana Wyszy\u0144skiego w Warszawie, 31.05.2008 r.<\/li>\n<li>Kultura chrze\u015bcija\u0144ska a wsp\u00f3lnoty lokalne i regionalne w Europie \u015arodkowo-Wschodniej &#8211; konferencja naukowa zorganizowane we wsp\u00f3\u0142pracy z Katolickim Stowarzyszeniem &#8222;Civitas Christiana&#8221; Oddzia\u0142 w Rzeszowie, Uniwersytetem Rzeszowskim i Polskim Towarzystwem Teologicznym, 03-04.12.2008 r.<\/li>\n<li>10-lecie wsp\u00f3\u0142pracy Instytutu Teologiczno-Pastoralnego im. \u015bw. J\u00f3zefa Sebastiana Pelczara w Rzeszowie z Uniwersytetem Kardyna\u0142a Stefana Wyszy\u0144skiego w Warszawie &#8211; sesja naukowa, 06.06.2009 r.<\/li>\n<li>\u00a0Sp\u00f3r o wizj\u0119 cz\u0142owieka we wsp\u00f3\u0142czesnej kulturze &#8211; mi\u0119dzynarodowa konferencja naukowa zorganizowana we wsp\u00f3\u0142pracy z Katolickim Stowarzyszeniem &#8222;Civitas Christiana&#8221; Okr\u0119g w Rzeszowie, Uniwersytetem Rzeszowskim i Polskim Towarzystwem Teologicznym w Krakowie, 03.12.2010 r.<\/li>\n<li>Wsparcie rodziny w \u015brodowisku lokalnym &#8211; konferencja naukowo-szkoleniowa zorganizowana we wsp\u00f3\u0142pracy z Uniwersytetem Rzeszowskim &#8211; Instytutem Pedagogiki, Katedr\u0105 Nauk o Rodzinie, Studenckim Kr\u0119giem Korczakowskim przy Instytucie Pedagogiki Uniwersytetu Rzeszowskiego, Regionalnym O\u015brodkiem Polityki Spo\u0142ecznej w Rzeszowie, Podkarpackim Kuratorem O\u015bwiaty, Stowarzyszeniem na Rzecz Zdrowia Psychicznego Dziecka i Rodziny w Rzeszowie, O\u015brodkiem Adopcyjno-Opieku\u0144czym w Rzeszowie.<\/li>\n<li>Zaj\u0119cia warsztatowe: Rola szko\u0142y w rozwijaniu kompetencji wychowawczych rodzic\u00f3w. Podej\u015bcie skoncentrowane na rozwi\u0105zaniach. Praca w zespole interdyscyplinarnym. Specyfika zast\u0119pczego rodzicielstwa. Wsp\u00f3\u0142praca nauczyciela-wychowawcy z &#8222;trudnymi rodzicami&#8221;. Nauczyciel-wychowawca a system pomocy psychologiczno-pedagogicznej. 10-11.05.2011 r.<\/li>\n<li>Szkolenie dla nauczycieli w zakresie zapobiegania zaka\u017ceniom HIV i chorobie AIDS &#8211; szkolenie zorganizowane we wsp\u00f3\u0142pracy z Urz\u0119dem Miasta Rzeszowa, 07.06.2002 r.<\/li>\n<li>Zasady pracy z dzie\u0107mi z rodzin z problemami alkoholowymi &#8211; ofiarami przemocy seksualnej, ich rodzicami i opiekunami, 01.09-30.11.2004 r.<\/li>\n<li>Zapobieganie problemom alkoholizmu &#8211; szkolenie zorganizowane we wsp\u00f3\u0142pracy ze Stowarzyszeniem Trze\u017awo\u015bciowym &#8222;Wolno\u015b\u0107 i Mi\u0142o\u015b\u0107&#8221; Diecezji Rzeszowskiej, 16-18.12.2005 r.<\/li>\n<li>Seminarium dla muzyk\u00f3w ko\u015bcielnych, dyrygent\u00f3w i organist\u00f3w &#8211; seminarium zorganizowane we wsp\u00f3\u0142pracy z Diecezjalnym Studium Organistowskim oraz Instytutem Muzyki Uniwersytetu Rzeszowskiego, 14.03.2009 &#8211; Instytut Muzyki Uniwersytet Rzeszowski<\/li>\n<li>II Seminarium dla muzyk\u00f3w ko\u015bcielnych, dyrygent\u00f3w i organist\u00f3w &#8211; seminarium zorganizowane we wsp\u00f3\u0142pracy z Diecezjalnym Studium Organistowskim oraz Instytutem Muzyki Uniwersytetu Rzeszowskiego, 15.03.2010 &#8211; Instytut Muzyki Uniwersytet Rzeszowski<\/li>\n<li>III Seminarium dla muzyk\u00f3w ko\u015bcielnych, dyrygent\u00f3w i organist\u00f3w &#8211; seminarium zorganizowane we wsp\u00f3\u0142pracy z Diecezjalnym Studium Organistowskim oraz Instytutem Muzyki Uniwersytetu Rzeszowskiego, 19.03.2011 &#8211; Instytut Muzyki Uniwersytet Rzeszowski<\/li>\n<\/ul>\n<h3>6. INSTYTUCJE WSP\u00d3\u0141PRACUJ\u0104CE Z INSTYTUTEM TEOLOGICZNO-PASTORALNYM w RZESZOWIE<\/h3>\n<ul>\n<li>Uniwersytet Rzeszowski<\/li>\n<li>Towarzystwo Naukowe Organizacji i Kierownictwa<\/li>\n<li>Polskie Stowarzyszenie Psycholog\u00f3w i Pedagog\u00f3w PROGRES w Rzeszowie<\/li>\n<li>Centrum Medyczne Medyk<\/li>\n<li>Stowarzyszenie Promocji i Przedsi\u0119biorczo\u015bci w Rzeszowie<\/li>\n<li>Towarzystwo Altum Programy Spo\u0142eczno-Gospodarcze<\/li>\n<li>Centrum Rozwoju Spo\u0142eczno-Ekonomicznego w Sielcu<\/li>\n<li>Krajowe Stowarzyszenie Pracownik\u00f3w S\u0142u\u017cby BHP S\u0105d\u00f3w i Prokuratur w Rzeszowie<\/li>\n<li>Okr\u0119gowa Izba Piel\u0119gniarek i Po\u0142o\u017cnych w Rzeszowie<\/li>\n<li>O\u015brodek Kszta\u0142cenia Podyplomowego Piel\u0119gniarek i Po\u0142o\u017cnych w Rzeszowie<\/li>\n<li>Podkarpacki O\u015brodek Kszta\u0142cenia Nauczycieli w Rzeszowie<\/li>\n<li>Prognosticca Anetta Migacz<\/li>\n<li>Fundacja Instytut My\u015bli J\u00f3zefa Tischnera w Krakowie<\/li>\n<li>Izba Lekarska w Rzeszowie<\/li>\n<li>Akcja Katolicka<\/li>\n<li>Stowarzyszenie &#8222;Mi\u0142o\u015b\u0107 i odpowiedzialno\u015b\u0107&#8221; w Rzeszowie<\/li>\n<li>Katolickie Stowarzyszenie Lekarzy Polskich Oddzia\u0142 w Rzeszowie<\/li>\n<li>Rzeszowskie Stowarzyszenie Dziedzictwo Jana Paw\u0142a II &#8222;Lumen et Spes&#8221;<\/li>\n<li>Centrum Wspierania Organizacji Pozarz\u0105dowych<\/li>\n<li>Zwi\u0105zek Harcerstwa Polskiego Komenda Chor\u0105gwi Podkarpackiej<\/li>\n<li>Polskie Stowarzyszenie na Rzecz Os\u00f3b z Upo\u015bledzeniem Umys\u0142owym Ko\u0142o w Rzeszowie<\/li>\n<li>Caritas Diecezji Rzeszowskiej<\/li>\n<li>Drukarnia i Wydawnictwo Diecezji Rzeszowskie &#8222;Bonus Liber&#8221;<\/li>\n<li>Katolickie Stowarzyszenie &#8222;Civitas Christiana&#8221; Oddzia\u0142 w Rzeszowie<\/li>\n<li>Kuria Diecezjalna w Rzeszowie<\/li>\n<li>Przedszkole Publiczne \u015bw. J\u00f3zefa Si\u00f3str S\u0142u\u017cebniczek NMP w Rzeszowie<\/li>\n<li>Radio VIA<\/li>\n<li>Katolicki Uniwersytet Lubelski Jana Paw\u0142a II<\/li>\n<li>Uniwersytet Kardyna\u0142a Stefana Wyszy\u0144skiego w Warszawie<\/li>\n<li>Uniwersytet Papieski Jana Paw\u0142a II w Krakowie<\/li>\n<li>Politechnika Rzeszowska im. I. \u0141ukaszewicza<\/li>\n<li>Wy\u017csza Szko\u0142a Informatyki i Zarz\u0105dzania<\/li>\n<li>Przedszkole Publiczne Zgromadzenia C\u00f3rek Matki Bo\u017cej Bolesnej &#8211; Siostry Serafitki<\/li>\n<\/ul>\n<p>&nbsp;<\/p>\n<h3>7. KIERUNKI KSZTA\u0141CENIA<\/h3>\n<ul>\n<li>Wy\u017csze Seminarium Duchowne (1992 -)<\/li>\n<li>Diecezjalne Studium Katechetyczne (1992 -)<\/li>\n<li>Diecezjalne Studium Organistowskie (1992 -)<\/li>\n<li>Podyplomowe Studium Wychowania Prorodzinnego PAT (1997-2009)<\/li>\n<li>Instytut Formacji Pastoralno-Liturgicznej KUL (1998-2004)<\/li>\n<li>Studium Nauki Spo\u0142ecznej Ko\u015bcio\u0142a (1999 &#8211; 2003)<\/li>\n<li>Studium Politologii (1998 &#8211; 2003)<\/li>\n<li>Studium Medi\u00f3w Katolickich (2000 -)<\/li>\n<li>Studia Katechetyczne dla \u015awieckich (2002 &#8211; )<\/li>\n<li>Studium \u017bycia Rodzinnego Diecezji Rzeszowskie (1992 -)<\/li>\n<li>Studium Biblijne Diecezji Rzeszowskiej<\/li>\n<li>O\u015brodek Edukacji Nauczycieli ITP (2012 -)<\/li>\n<li>Nauki o Rodzinie UR<\/li>\n<li>Seminarium doktoranckie UKSW (2002 -)<\/li>\n<li>Studia Uzupe\u0142niaj\u0105ce PAT (1998 &#8211; 2004)<\/li>\n<li>Kursy j\u0119zykowe (angielski, niemiecki, w\u0142oski) (2002 &#8211; 2007)<\/li>\n<li>Kurs dla kamerzyst\u00f3w i fotograf\u00f3w liturgicznych (2006 -)<\/li>\n<\/ul>\n","protected":false},"excerpt":{"rendered":"<p>1. POWSTANIE INSTYTUTU TEOLOGICZNO &#8211; PASTORALNEGO im. \u015bw. J\u00f3zefa Sebastiana Pelczara W trosce o w\u0142a\u015bciwe g\u0142oszenie prawdy wiary objawionej, Biskup Rzeszowski Kazimierz G\u00f3rny Dekretem z dnia 1.IX.1992 r. powo\u0142a\u0142 Instytut Teologiczno &#8211; Pastoralny im. B\u0142. J\u00f3zefa Sebastiana Pelczara w Rzeszowie. W jego sk\u0142ad wesz\u0142y w\u00f3wczas: Wy\u017csze Seminarium Duchowne, Diecezjalne Studium Katechetyczne, Diecezjalne Studium Organistowskie oraz [&hellip;]<\/p>\n","protected":false},"author":7,"featured_media":0,"parent":0,"menu_order":0,"comment_status":"closed","ping_status":"closed","template":"","meta":{"site-container-style":"default","site-container-layout":"default","site-sidebar-layout":"default","disable-article-header":"default","disable-site-header":"default","disable-site-footer":"default","disable-content-area-spacing":"default","footnotes":""},"class_list":["post-29","page","type-page","status-publish","hentry"],"_links":{"self":[{"href":"https:\/\/www.instytut.rzeszow.pl\/index.php?rest_route=\/wp\/v2\/pages\/29","targetHints":{"allow":["GET"]}}],"collection":[{"href":"https:\/\/www.instytut.rzeszow.pl\/index.php?rest_route=\/wp\/v2\/pages"}],"about":[{"href":"https:\/\/www.instytut.rzeszow.pl\/index.php?rest_route=\/wp\/v2\/types\/page"}],"author":[{"embeddable":true,"href":"https:\/\/www.instytut.rzeszow.pl\/index.php?rest_route=\/wp\/v2\/users\/7"}],"replies":[{"embeddable":true,"href":"https:\/\/www.instytut.rzeszow.pl\/index.php?rest_route=%2Fwp%2Fv2%2Fcomments&post=29"}],"version-history":[{"count":5,"href":"https:\/\/www.instytut.rzeszow.pl\/index.php?rest_route=\/wp\/v2\/pages\/29\/revisions"}],"predecessor-version":[{"id":3883,"href":"https:\/\/www.instytut.rzeszow.pl\/index.php?rest_route=\/wp\/v2\/pages\/29\/revisions\/3883"}],"wp:attachment":[{"href":"https:\/\/www.instytut.rzeszow.pl\/index.php?rest_route=%2Fwp%2Fv2%2Fmedia&parent=29"}],"curies":[{"name":"wp","href":"https:\/\/api.w.org\/{rel}","templated":true}]}}